{"id":66,"date":"2024-08-06T18:24:47","date_gmt":"2024-08-06T18:24:47","guid":{"rendered":"https:\/\/www.iesvirtual.net\/?page_id=66"},"modified":"2025-10-05T19:19:25","modified_gmt":"2025-10-05T19:19:25","slug":"investigamos","status":"publish","type":"page","link":"https:\/\/www.iesvirtual.net\/gl\/investigamos\/","title":{"rendered":"Investigamos"},"content":{"rendered":"\n<div class=\"wp-block-group alignfull has-accent-background-color has-background has-global-padding is-layout-constrained wp-container-core-group-is-layout-669513ed wp-block-group-is-layout-constrained\" style=\"margin-top:0;margin-bottom:0;padding-top:var(--wp--preset--spacing--50);padding-right:var(--wp--preset--spacing--50);padding-bottom:var(--wp--preset--spacing--50);padding-left:var(--wp--preset--spacing--50)\">\n<div class=\"wp-block-columns alignwide is-layout-flex wp-container-core-columns-is-layout-1da03c2a wp-block-columns-is-layout-flex\">\n<div class=\"wp-block-column is-vertically-aligned-stretch is-layout-flow wp-block-column-is-layout-flow\" style=\"flex-basis:50%\">\n<div class=\"wp-block-group is-vertical is-content-justification-stretch is-layout-flex wp-container-core-group-is-layout-444d5ee8 wp-block-group-is-layout-flex\" style=\"min-height:100%\">\n<p class=\"has-heading-font-family has-x-large-font-size\" style=\"line-height:1.2\">La investigaci\u00f3n educativa implica no solamente el conocimiento de la teor\u00eda, sino que implica conocer las instituciones educativas desde su interior. Implica realzar la voz de toda la comunidad que la integra.<\/p>\n\n\n\n<div class=\"wp-block-group has-global-padding is-content-justification-left is-layout-constrained wp-container-core-group-is-layout-9fe8ed88 wp-block-group-is-layout-constrained\">\n<p class=\"wp-container-content-0733e5d0\">Dejando una huella indeleble en el paisaje del ma\u00f1ana.<\/p>\n\n\n\n<div class=\"wp-block-buttons is-layout-flex wp-block-buttons-is-layout-flex\">\n<div class=\"wp-block-button\"><a class=\"wp-block-button__link wp-element-button\">Acerca de nosotros<\/a><\/div>\n<\/div>\n<\/div>\n<\/div>\n<\/div>\n\n\n\n<div class=\"wp-block-column is-vertically-aligned-center is-layout-flow wp-block-column-is-layout-flow\" style=\"flex-basis:50%\">\n<figure class=\"wp-block-gallery has-nested-images columns-default is-cropped wp-block-gallery-2 is-layout-flex wp-block-gallery-is-layout-flex\">\n<figure class=\"wp-block-image size-large is-style-rounded is-style-rounded--1\"><img loading=\"lazy\" decoding=\"async\" width=\"1024\" height=\"768\" data-id=\"73\" src=\"https:\/\/www.iesvirtual.net\/wp-content\/uploads\/2024\/08\/75392754_3756623027696896_56760415178194944_n-1024x768.jpg\" alt=\"Personas reunidas en el patio de una instituci\u00f3n educativa\" class=\"wp-image-73\" style=\"aspect-ratio:3\/4;object-fit:cover\" srcset=\"https:\/\/www.iesvirtual.net\/wp-content\/uploads\/2024\/08\/75392754_3756623027696896_56760415178194944_n-1024x768.jpg 1024w, https:\/\/www.iesvirtual.net\/wp-content\/uploads\/2024\/08\/75392754_3756623027696896_56760415178194944_n-300x225.jpg 300w, https:\/\/www.iesvirtual.net\/wp-content\/uploads\/2024\/08\/75392754_3756623027696896_56760415178194944_n-768x576.jpg 768w, https:\/\/www.iesvirtual.net\/wp-content\/uploads\/2024\/08\/75392754_3756623027696896_56760415178194944_n-1536x1152.jpg 1536w, https:\/\/www.iesvirtual.net\/wp-content\/uploads\/2024\/08\/75392754_3756623027696896_56760415178194944_n.jpg 2048w\" sizes=\"auto, (max-width: 1024px) 100vw, 1024px\" \/><\/figure>\n<\/figure>\n<\/div>\n<\/div>\n<\/div>\n\n\n\n<div class=\"wp-block-group alignfull has-base-background-color has-background has-global-padding is-layout-constrained wp-container-core-group-is-layout-d89aad35 wp-block-group-is-layout-constrained\" style=\"margin-top:0;margin-bottom:0;padding-top:var(--wp--preset--spacing--50);padding-right:var(--wp--preset--spacing--50);padding-bottom:var(--wp--preset--spacing--50);padding-left:var(--wp--preset--spacing--50)\">\n<div class=\"wp-block-group alignwide has-global-padding is-layout-constrained wp-block-group-is-layout-constrained\">\n<div class=\"wp-block-columns alignwide is-layout-flex wp-container-core-columns-is-layout-549b0c86 wp-block-columns-is-layout-flex\">\n<div class=\"wp-block-column has-global-padding is-layout-constrained wp-container-core-column-is-layout-80fc7c01 wp-block-column-is-layout-constrained\" style=\"flex-basis:100%\">\n<p class=\"has-heading-font-family has-x-large-font-size\" id=\"Formas-de-ense\u00f1anza-universitaria-a-partir-de-la-pandemia.-Estudio-de-caso:-la-Licenciatura-en-Educaci\u00f3n-de-la-Facultad-de-Humanidades-y-Ciencias-de-la-Educaci\u00f3n,-de-la-Universidad-de-la-Rep\u00fablica-(Uruguay)\" style=\"line-height:1.2\">Formas de ense\u00f1anza universitaria a partir de la pandemia. Estudio de caso: la Licenciatura en Educaci\u00f3n de la Facultad de Humanidades y Ciencias de la Educaci\u00f3n, de la Universidad de la Rep\u00fablica (Uruguay)<\/p>\n\n\n\n<div class=\"wp-block-columns is-layout-flex wp-container-core-columns-is-layout-87beb0d0 wp-block-columns-is-layout-flex\">\n<div class=\"wp-block-column is-layout-flow wp-block-column-is-layout-flow\">\n<p>Esta tesina se inscribe en la l\u00ednea de investigaci\u00f3n \u00abDimensiones lenguajeras de la ense\u00f1anza y del aprendizaje\u00bb la cual tiene asiento acad\u00e9mico tanto en Facultad de Humanidades y Ciencias de la Educaci\u00f3n como en la Facultad de Psicolog\u00eda de la Universidad de la Rep\u00fablica (Uruguay).<\/p>\n\n\n\n<p>El prop\u00f3sito de esta investigaci\u00f3n es identificar alteraciones en la forma de ense\u00f1anza universitaria en la Licenciatura en Educaci\u00f3n (FHCE-UdelaR) a partir de la pandemia (Covid-19) producida por el virus SARS-CoV2. Las posibilidades tecnol\u00f3gicas habilitaron que ciertas actividades en el mundo no se suspendieran a pesar de que la poblaci\u00f3n no pod\u00eda salir de sus hogares. Esta situaci\u00f3n estall\u00f3 en nuestro pa\u00eds en marzo de 2020. La educaci\u00f3n fue una de las actividades que continu\u00f3, pasando de desarrollarse de modo presencial a un modo virtual. En este sentido es que buscamos identificar cu\u00e1les fueron las implicancias y transformaciones que se dieron a partir de esos cambios en la modalidad.<\/p>\n\n\n\n<p>Partimos de la teor\u00eda de la ense\u00f1anza, en particular de la noci\u00f3n de acontecimiento de ense\u00f1anza como acontecimiento discursivo y de la particular concepci\u00f3n de ense\u00f1anza universitaria, entendida como aquella que se centra en el saber\/conocimiento. Por \u00faltimo, nos valimos de la noci\u00f3n de formas de ense\u00f1anza para analizar principalmente el v\u00ednculo docente-estudiante, as\u00ed como la forma organizativa (espaciotemporal).<\/p>\n<\/div>\n\n\n\n<div class=\"wp-block-column is-layout-flow wp-block-column-is-layout-flow\">\n<p>El corpus de esta investigaci\u00f3n est\u00e1 compuesto por dos materialidades discursivas. La primera corresponde a secuencias discursivas tomadas de entrevistas en profundidad realizadas a un docente de cada uno de los cuatro departamentos que conforman el Instituto de Educaci\u00f3n. La segunda materialidad est\u00e1 dada por los programas correspondientes a los a\u00f1os 2019, 2020, 2021 y 2022 de cuatro cursos de la Licenciatura, los cuales fueron seleccionados con el mismo criterio, uno por departamento, aleatoriamente.<\/p>\n\n\n\n<p>Para el an\u00e1lisis, empleamos como base elementos del an\u00e1lisis del discurso franc\u00e9s vali\u00e9ndonos del \u00faltimo Michel P\u00eacheux.<\/p>\n\n\n\n<p>Como hallazgos de la investigaci\u00f3n se identificaron cambios en la ense\u00f1anza universitaria durante este momento actual de emergencia sanitaria, que remiten principalmente a los medios empleados para llevar adelante la ense\u00f1anza y no a alteraciones curriculares. Asimismo, se inauguran nuevas interrogantes a partir de dichos hallazgos.<\/p>\n\n\n\n<p><strong>Palabras clave:<\/strong><\/p>\n\n\n\n<p>Ense\u00f1anza Universitaria, Forma de ense\u00f1anza, Pandemia, Teor\u00eda de la Ense\u00f1anza<\/p>\n\n\n\n<pre class=\"wp-block-verse\"><\/pre>\n<\/div>\n<\/div>\n<\/div>\n<\/div>\n<\/div>\n\n\n\n<p>Texeira Bondelas, A. (2022). <em>Formas de ense\u00f1anza universitaria a partir de la pandemia. Estudio de caso: la Licenciatura en Educaci\u00f3n de la Facultad de Humanidades y Ciencias de la Educaci\u00f3n, de la Universidad de la Rep\u00fablica (Uruguay)<\/em>. [Tesina de Grado, Licenciatura en Educaci\u00f3n, UdelaR]. <\/p>\n<\/div>\n\n\n\n<div class=\"wp-block-group alignfull has-accent-background-color has-background has-global-padding is-layout-constrained wp-container-core-group-is-layout-d89aad35 wp-block-group-is-layout-constrained\" style=\"margin-top:0;margin-bottom:0;padding-top:var(--wp--preset--spacing--50);padding-right:var(--wp--preset--spacing--50);padding-bottom:var(--wp--preset--spacing--50);padding-left:var(--wp--preset--spacing--50)\">\n<div class=\"wp-block-columns alignwide is-layout-flex wp-container-core-columns-is-layout-549b0c86 wp-block-columns-is-layout-flex\">\n<div class=\"wp-block-column has-global-padding is-content-justification-left is-layout-constrained wp-container-core-column-is-layout-4f15e8fe wp-block-column-is-layout-constrained\" style=\"flex-basis:20%\">\n<p>Investigaciones sobre <strong>Formaci\u00f3n on-line<\/strong><\/p>\n<\/div>\n\n\n\n<div class=\"wp-block-column is-layout-flow wp-container-core-column-is-layout-119bc444 wp-block-column-is-layout-flow\" style=\"flex-basis:80%\">\n<p class=\"has-heading-font-family has-x-large-font-size\" id=\"El-constructivismo-en-educaci\u00f3n-virtual\" style=\"line-height:1.2\">El constructivismo en educaci\u00f3n virtual<\/p>\n\n\n\n<div class=\"wp-block-columns is-layout-flex wp-container-core-columns-is-layout-87beb0d0 wp-block-columns-is-layout-flex\">\n<div class=\"wp-block-column is-layout-flow wp-block-column-is-layout-flow\">\n<p class=\"wp-container-content-9cfa9a5a\">El presente art\u00edculo titulado como constructivismo en la educaci\u00f3n virtual se encuentra en el marco del trabajo de grado como expertos en Procesos E-Learning de la universidad virtual FATLA.<\/p>\n\n\n\n<p class=\"wp-container-content-9cfa9a5a\">A lo largo del mismo se presenta al constructivismo para luego enfocarlo en la educaci\u00f3n virtual, remarc\u00e1ndolo como la ruptura del modelo tradicional educativo, y brindando al lector una serie de recomendaciones al momento del dise\u00f1o de curso virtuales. Al respecto del enfoque de ruptura paradigm\u00e1tica se debe a que es fundamental conocer los principios que permiten al e-learning acogerse en \u00e9ste paradigma educativo.<\/p>\n\n\n\n<p>Publicaci\u00f3n realizada en revista DIM: Did\u00e1ctica, Innovaci\u00f3n y Multimedia de la Universidad Aut\u00f3noma de Barcelona.<\/p>\n\n\n\n<p>Cuenta con m\u00e1s de 70 citas seg\u00fan <a href=\"https:\/\/scholar.google.es\/scholar?cluster=3520747136010234903&amp;hl=es&amp;as_sdt=2005&amp;sciodt=0,5\">googlescholar<\/a> <\/p>\n\n\n\n<p><strong>Art\u00edculo<\/strong><\/p>\n\n\n\n<p class=\"has-small-font-size\" style=\"margin-top:var(--wp--preset--spacing--30);margin-right:var(--wp--preset--spacing--10);margin-bottom:var(--wp--preset--spacing--30);margin-left:var(--wp--preset--spacing--10)\"><mark style=\"background-color:rgba(0, 0, 0, 0)\" class=\"has-inline-color has-contrast-color\">Navarro, E. y Texeira, A. (2011). Constructivismo en la Educaci\u00f3n virtual.&nbsp;<em>DIM: Did\u00e1ctica, Innovaci\u00f3n y Multimedia<\/em>. <a href=\"https:\/\/raco.cat\/index.php\/DIM\/article\/view\/306310\">https:\/\/raco.cat\/index.php\/DIM\/article\/view\/306310<\/a><\/mark><\/p>\n\n\n\n<p class=\"wp-container-content-9cfa9a5a\"><\/p>\n<\/div>\n<\/div>\n<\/div>\n<\/div>\n<\/div>\n\n\n\n<div class=\"wp-block-group alignfull has-accent-5-background-color has-background has-global-padding is-layout-constrained wp-container-core-group-is-layout-d89aad35 wp-block-group-is-layout-constrained\" style=\"margin-top:0;margin-bottom:0;padding-top:var(--wp--preset--spacing--50);padding-right:var(--wp--preset--spacing--50);padding-bottom:var(--wp--preset--spacing--50);padding-left:var(--wp--preset--spacing--50)\">\n<h2 class=\"wp-block-heading is-style-default\" id=\"presencia-en-los-medios\">Presencia en los medios de nuestras investigaciones <\/h2>\n\n\n\n<div class=\"wp-block-columns alignwide is-layout-flex wp-container-core-columns-is-layout-1da03c2a wp-block-columns-is-layout-flex\">\n<div class=\"wp-block-column is-layout-flow wp-block-column-is-layout-flow\" style=\"flex-basis:100%\">\n<h3 class=\"wp-block-heading is-style-asterisk\">Profesores y maestros en cuesti\u00f3n: \u00bfformaci\u00f3n en educaci\u00f3n \u201cuniversitaria\u201d?<\/h3>\n\n\n\n<p>En los \u00faltimos d\u00edas, mucho se ha dicho en relaci\u00f3n con la noticia \u00ab<a href=\"https:\/\/ladiaria.com.uy\/educacion\/articulo\/2022\/7\/denuncian-plagio-en-documento-sobre-transformacion-curricular-del-consejo-de-formacion-en-educacion-de-la-anep\/\">Denuncian plagio en documento sobre transformaci\u00f3n curricular del Consejo de Formaci\u00f3n en Educaci\u00f3n de la ANEP<\/a>\u00bb pero lo importante es que reflexionemos un poco m\u00e1s al respecto.<\/p>\n\n\n\n<figure class=\"wp-block-image alignright size-large is-resized wp-duotone-duotone-1\"><img loading=\"lazy\" decoding=\"async\" width=\"1024\" height=\"822\" src=\"https:\/\/www.iesvirtual.net\/wp-content\/uploads\/2024\/08\/Captura-de-pantalla-2024-08-06-a-las-20.28.12-1024x822.png\" alt=\"Publicaci\u00f3n del peri\u00f3dico &quot;La Diaria&quot; cita del atr\u00edculo de Alexandre Texeira\" class=\"wp-image-76\" style=\"width:438px;height:auto\" srcset=\"https:\/\/www.iesvirtual.net\/wp-content\/uploads\/2024\/08\/Captura-de-pantalla-2024-08-06-a-las-20.28.12-1024x822.png 1024w, https:\/\/www.iesvirtual.net\/wp-content\/uploads\/2024\/08\/Captura-de-pantalla-2024-08-06-a-las-20.28.12-300x241.png 300w, https:\/\/www.iesvirtual.net\/wp-content\/uploads\/2024\/08\/Captura-de-pantalla-2024-08-06-a-las-20.28.12-768x617.png 768w, https:\/\/www.iesvirtual.net\/wp-content\/uploads\/2024\/08\/Captura-de-pantalla-2024-08-06-a-las-20.28.12.png 1248w\" sizes=\"auto, (max-width: 1024px) 100vw, 1024px\" \/><figcaption class=\"wp-element-caption\">Columna en el peri\u00f3dico \u00abla diaria\u00bb (Uruguay) publicada el d\u00eda 29 de julio de 2022.<\/figcaption><\/figure>\n\n\n\n<p>El estatus \u00abuniversitario\u00bb que tanto persigue el CFE (Consejo de Formaci\u00f3n en Educaci\u00f3n) no es algo nuevo, sino que es un proceso de acciones que datan de hace casi una d\u00e9cada. A pesar de que, verdaderamente, es un debate a\u00fan m\u00e1s antiguo. A lo que me refiero es, concretamente, al gran impulso que hubo en el 2016 por la transformaci\u00f3n curricular. Desde ese a\u00f1o vengo observando y analizando el proceso y que retomar\u00e9 en este art\u00edculo porque hace a la comprensi\u00f3n del fen\u00f3meno. Que la formaci\u00f3n de Profesores, Maestros, Educadores debe ser universitaria no est\u00e1 en cuesti\u00f3n pero, la forma en c\u00f3mo llegar a ello s\u00ed.<\/p>\n\n\n\n<p>En aquel entonces, 2016, el CFE present\u00f3 una serie de borradores de trabajo que dieron origen a una ponencia presentada en las VII Jornadas Acad\u00e9micas de Investigaci\u00f3n de la Facultad de Humanidades y Ciencias de la Educaci\u00f3n: \u00ab<a href=\"https:\/\/www.academia.edu\/49277567\/Lugar_de_la_ense%C3%B1anza_en_la_reforma_curricular_del_Consejo_de_Formaci%C3%B3n_en_Educaci%C3%B3n_un_an%C3%A1lisis_discursivo_de_documentos_de_trabajo\">Lugar de la ense\u00f1anza en la reforma curricular del Consejo de Formaci\u00f3n en Educaci\u00f3n: un an\u00e1lisis discursivo de documentos de trabajo<\/a>\u00bb. En este trabajo, ya advert\u00eda una serie de dificultades discursivas y, por tanto, te\u00f3ricas, sobre c\u00f3mo se concibe la ense\u00f1anza universitaria por parte del CFE. Aspecto que a\u00fan no se alcanza definir y que, a su vez, es ontol\u00f3gico.<\/p>\n\n\n\n<div class=\"wp-block-buttons is-layout-flex wp-block-buttons-is-layout-flex\">\n<div class=\"wp-block-button\"><a class=\"wp-block-button__link wp-element-button\" href=\"https:\/\/ladiaria.com.uy\/usuarios\/entrar\/?article=95207\">Leer art\u00edculo completo<\/a><\/div>\n<\/div>\n\n\n\n<p><\/p>\n\n\n\n<div class=\"wp-block-group has-base-2-background-color has-background has-global-padding is-layout-constrained wp-block-group-is-layout-constrained\">\n<h3 class=\"wp-block-heading is-style-asterisk\">Ense\u00f1ar durante pandemia<\/h3>\n\n\n\n<p><\/p>\n\n\n\n<figure class=\"wp-block-embed is-type-video is-provider-youtube wp-block-embed-youtube wp-embed-aspect-16-9 wp-has-aspect-ratio\"><div class=\"wp-block-embed__wrapper\">\n<iframe loading=\"lazy\" title=\"TVL Noticiero de Pando | Entrevista a Alexandre Texeira Bondelas\" width=\"500\" height=\"281\" src=\"https:\/\/www.youtube.com\/embed\/5XgtGm9PiH8?feature=oembed\" frameborder=\"0\" allow=\"accelerometer; autoplay; clipboard-write; encrypted-media; gyroscope; picture-in-picture; web-share\" referrerpolicy=\"strict-origin-when-cross-origin\" allowfullscreen><\/iframe>\n<\/div><figcaption class=\"wp-element-caption\">Entrevista al director de Escuela T\u00e9cnica Barros Blancos, Alexandre Texeira, con relaci\u00f3n a las medidas adoptadas por la pandemia de coronavirus. Se comparte las estrategias empleadas por el cuerpo docente. 17 de marzo de 2020<\/figcaption><\/figure>\n<\/div>\n<\/div>\n<\/div>\n<\/div>\n\n\n\n<div class=\"wp-block-group alignfull has-base-background-color has-background has-global-padding is-layout-constrained wp-container-core-group-is-layout-d89aad35 wp-block-group-is-layout-constrained\" style=\"margin-top:0;margin-bottom:0;padding-top:var(--wp--preset--spacing--50);padding-right:var(--wp--preset--spacing--50);padding-bottom:var(--wp--preset--spacing--50);padding-left:var(--wp--preset--spacing--50)\">\n<div class=\"wp-block-columns alignwide is-layout-flex wp-container-core-columns-is-layout-549b0c86 wp-block-columns-is-layout-flex\">\n<div class=\"wp-block-column has-global-padding is-content-justification-left is-layout-constrained wp-container-core-column-is-layout-4f15e8fe wp-block-column-is-layout-constrained\" style=\"flex-basis:40%\">\n<figure class=\"wp-block-pullquote\"><blockquote><p>Realizamos divulgaci\u00f3n y transferencia del conocimiento<\/p><\/blockquote><\/figure>\n<\/div>\n\n\n\n<div class=\"wp-block-column is-layout-flow wp-container-core-column-is-layout-119bc444 wp-block-column-is-layout-flow\" style=\"flex-basis:60%\">\n<p class=\"has-heading-font-family has-x-large-font-size\" id=\"Participaci\u00f3n-en-congresos,-seminarios,-foros.\" style=\"line-height:1.2\">Participaci\u00f3n en congresos, seminarios, foros.<\/p>\n\n\n\n<h4 class=\"wp-block-heading\"><strong>El dise\u00f1o del curso de actualizaci\u00f3n docente en entornos virtuales de aprendizaje<\/strong><\/h4>\n\n\n\n<figure class=\"wp-block-embed is-type-video is-provider-youtube wp-block-embed-youtube wp-embed-aspect-4-3 wp-has-aspect-ratio\"><div class=\"wp-block-embed__wrapper\">\n<iframe loading=\"lazy\" title=\"Ciudadania Digital 2010\" width=\"500\" height=\"375\" src=\"https:\/\/www.youtube.com\/embed\/Q4UKEFf0U2I?feature=oembed\" frameborder=\"0\" allow=\"accelerometer; autoplay; clipboard-write; encrypted-media; gyroscope; picture-in-picture; web-share\" referrerpolicy=\"strict-origin-when-cross-origin\" allowfullscreen><\/iframe>\n<\/div><figcaption class=\"wp-element-caption\">Participaci\u00f3n en el Foro de Ciudadan\u00eda Digital (2010) de Plan Ceibal exponiendo con relaci\u00f3n a la experiencia del dise\u00f1o del curso de actualizaci\u00f3n docente en entornos virtuales en el Instituto Tecnol\u00f3gico Superior del Buceo. <\/figcaption><\/figure>\n\n\n\n<h4 class=\"wp-block-heading\"><strong>XI Congreso Internacional Multidisciplinar de Investigaci\u00f3n Educativa (CIMIE) 2023<\/strong><\/h4>\n\n\n\n<p>Texeira Bondelas, A. (2023). Miradas de la inclusi\u00f3n educativa y dificultades ante el aprendizaje desde actividades de extensi\u00f3n universitaria. <em>#CIMIE23 Las Evidencias Cient\u00edficas Que Mejoran Los Resultados Educativos: Libro de Actas #CIMIE23, Santander 6 y 7 de Julio, 2023<\/em>, 1\u20132. <a href=\"https:\/\/dialnet.unirioja.es\/servlet\/articulo?codigo=9518484&amp;info=resumen&amp;idioma=SPA\">https:\/\/dialnet.unirioja.es\/servlet\/articulo?codigo=9518484&amp;info=resumen&amp;idioma=SPA<\/a><\/p>\n\n\n\n<div class=\"wp-block-group has-global-padding is-layout-constrained wp-container-core-group-is-layout-12243e0f wp-block-group-is-layout-constrained\">\n<iframe loading=\"lazy\" src=\"https:\/\/www.linkedin.com\/embed\/feed\/update\/urn:li:share:7083051648901615616\" height=\"879\" width=\"504\" frameborder=\"0\" allowfullscreen=\"\" title=\"Publicaci\u00f3n integrada\"><\/iframe>\n<\/div>\n<\/div>\n<\/div>\n<\/div>\n\n\n\n<p><\/p>\n","protected":false},"excerpt":{"rendered":"<p>La investigaci\u00f3n educativa implica no solamente el conocimiento de la teor\u00eda, sino que implica conocer las instituciones educativas desde su interior. Implica realzar la voz de toda la comunidad que la integra. Dejando una huella indeleble en el paisaje del ma\u00f1ana. Formas de ense\u00f1anza universitaria a partir de la pandemia. Estudio de caso: la Licenciatura [&hellip;]<\/p>\n","protected":false},"author":1,"featured_media":0,"parent":0,"menu_order":0,"comment_status":"closed","ping_status":"closed","template":"","meta":{"footnotes":""},"class_list":["post-66","page","type-page","status-publish","hentry"],"yoast_head":"<!-- This site is optimized with the Yoast SEO plugin v27.3 - https:\/\/yoast.com\/product\/yoast-seo-wordpress\/ -->\n<title>IES VIRTUAL - CONSULTORA EDUCATIVA | Investigamos<\/title>\n<meta name=\"description\" content=\"Nos dedicamos a la investigaci\u00f3n educativa desde un enfoque cualitativo, cuantitativo o mixto. Dise\u00f1amos proyectos seg\u00fan las necesidades de las instituciones.\" \/>\n<meta name=\"robots\" content=\"index, follow, max-snippet:-1, max-image-preview:large, max-video-preview:-1\" \/>\n<link rel=\"canonical\" href=\"https:\/\/www.iesvirtual.net\/gl\/investigamos\/\" \/>\n<meta property=\"og:locale\" content=\"gl_ES\" \/>\n<meta property=\"og:type\" content=\"article\" \/>\n<meta property=\"og:title\" content=\"Investigamos | IES VIRTUAL - CONSULTORA EDUCATIVA\" \/>\n<meta property=\"og:description\" content=\"La investigaci\u00f3n educativa implica no solamente el conocimiento de la teor\u00eda, sino que implica conocer las instituciones educativas desde su interior. Implica realzar la voz de toda la comunidad que la integra.\" \/>\n<meta property=\"og:url\" content=\"https:\/\/www.iesvirtual.net\/gl\/investigamos\/\" \/>\n<meta property=\"og:site_name\" content=\"IES VIRTUAL - CONSULTORA EDUCATIVA\" \/>\n<meta property=\"article:modified_time\" content=\"2025-10-05T19:19:25+00:00\" \/>\n<meta property=\"og:image\" content=\"https:\/\/www.iesvirtual.net\/wp-content\/uploads\/2024\/08\/3-IESVITUAL-sinbg-edited.png\" \/>\n\t<meta property=\"og:image:width\" content=\"420\" \/>\n\t<meta property=\"og:image:height\" content=\"420\" \/>\n\t<meta property=\"og:image:type\" content=\"image\/png\" \/>\n<meta name=\"twitter:card\" content=\"summary_large_image\" \/>\n<meta name=\"twitter:site\" content=\"@lexandret\" \/>\n<meta name=\"twitter:label1\" content=\"Tempo de lectura\" \/>\n\t<meta name=\"twitter:data1\" content=\"6 minutos\" \/>\n<script type=\"application\/ld+json\" class=\"yoast-schema-graph\">{\"@context\":\"https:\\\/\\\/schema.org\",\"@graph\":[{\"@type\":\"WebPage\",\"@id\":\"https:\\\/\\\/www.iesvirtual.net\\\/investigamos\\\/\",\"url\":\"https:\\\/\\\/www.iesvirtual.net\\\/investigamos\\\/\",\"name\":\"IES VIRTUAL - CONSULTORA EDUCATIVA | Investigamos\",\"isPartOf\":{\"@id\":\"https:\\\/\\\/www.iesvirtual.net\\\/#website\"},\"primaryImageOfPage\":{\"@id\":\"https:\\\/\\\/www.iesvirtual.net\\\/investigamos\\\/#primaryimage\"},\"image\":{\"@id\":\"https:\\\/\\\/www.iesvirtual.net\\\/investigamos\\\/#primaryimage\"},\"thumbnailUrl\":\"https:\\\/\\\/www.iesvirtual.net\\\/wp-content\\\/uploads\\\/2024\\\/08\\\/75392754_3756623027696896_56760415178194944_n-1024x768.jpg\",\"datePublished\":\"2024-08-06T18:24:47+00:00\",\"dateModified\":\"2025-10-05T19:19:25+00:00\",\"description\":\"Nos dedicamos a la investigaci\u00f3n educativa desde un enfoque cualitativo, cuantitativo o mixto. Dise\u00f1amos proyectos seg\u00fan las necesidades de las instituciones.\",\"breadcrumb\":{\"@id\":\"https:\\\/\\\/www.iesvirtual.net\\\/investigamos\\\/#breadcrumb\"},\"inLanguage\":\"gl-ES\",\"potentialAction\":[{\"@type\":\"ReadAction\",\"target\":[\"https:\\\/\\\/www.iesvirtual.net\\\/investigamos\\\/\"]}]},{\"@type\":\"ImageObject\",\"inLanguage\":\"gl-ES\",\"@id\":\"https:\\\/\\\/www.iesvirtual.net\\\/investigamos\\\/#primaryimage\",\"url\":\"https:\\\/\\\/www.iesvirtual.net\\\/wp-content\\\/uploads\\\/2024\\\/08\\\/75392754_3756623027696896_56760415178194944_n-1024x768.jpg\",\"contentUrl\":\"https:\\\/\\\/www.iesvirtual.net\\\/wp-content\\\/uploads\\\/2024\\\/08\\\/75392754_3756623027696896_56760415178194944_n-1024x768.jpg\"},{\"@type\":\"BreadcrumbList\",\"@id\":\"https:\\\/\\\/www.iesvirtual.net\\\/investigamos\\\/#breadcrumb\",\"itemListElement\":[{\"@type\":\"ListItem\",\"position\":1,\"name\":\"Portada\",\"item\":\"https:\\\/\\\/www.iesvirtual.net\\\/\"},{\"@type\":\"ListItem\",\"position\":2,\"name\":\"Investigamos\"}]},{\"@type\":\"WebSite\",\"@id\":\"https:\\\/\\\/www.iesvirtual.net\\\/#website\",\"url\":\"https:\\\/\\\/www.iesvirtual.net\\\/\",\"name\":\"IES VIRTUAL - CONSULTORA EDUCATIVA\",\"description\":\"Lic. Alexandre Texeira Bondelas, MEd.\",\"publisher\":{\"@id\":\"https:\\\/\\\/www.iesvirtual.net\\\/#\\\/schema\\\/person\\\/30a390f59aff79705956fe5f713df4de\"},\"alternateName\":\"IESVIRTUAL\",\"potentialAction\":[{\"@type\":\"SearchAction\",\"target\":{\"@type\":\"EntryPoint\",\"urlTemplate\":\"https:\\\/\\\/www.iesvirtual.net\\\/?s={search_term_string}\"},\"query-input\":{\"@type\":\"PropertyValueSpecification\",\"valueRequired\":true,\"valueName\":\"search_term_string\"}}],\"inLanguage\":\"gl-ES\"},{\"@type\":[\"Person\",\"Organization\"],\"@id\":\"https:\\\/\\\/www.iesvirtual.net\\\/#\\\/schema\\\/person\\\/30a390f59aff79705956fe5f713df4de\",\"name\":\"Alexandre Texeira Bondelas\",\"image\":{\"@type\":\"ImageObject\",\"inLanguage\":\"gl-ES\",\"@id\":\"https:\\\/\\\/www.iesvirtual.net\\\/wp-content\\\/uploads\\\/2024\\\/08\\\/3-IESVITUAL-sinbg.png\",\"url\":\"https:\\\/\\\/www.iesvirtual.net\\\/wp-content\\\/uploads\\\/2024\\\/08\\\/3-IESVITUAL-sinbg.png\",\"contentUrl\":\"https:\\\/\\\/www.iesvirtual.net\\\/wp-content\\\/uploads\\\/2024\\\/08\\\/3-IESVITUAL-sinbg.png\",\"width\":500,\"height\":500,\"caption\":\"Alexandre Texeira Bondelas\"},\"logo\":{\"@id\":\"https:\\\/\\\/www.iesvirtual.net\\\/wp-content\\\/uploads\\\/2024\\\/08\\\/3-IESVITUAL-sinbg.png\"},\"description\":\"Es licenciado en educaci\u00f3n por la Universidad de la Rep\u00fablica (Uruguay), Candidato a M\u00e1ster Universitario en Investigaci\u00f3n Educativa por la Universidad Internacional de Valencia(Espa\u00f1a).\",\"sameAs\":[\"https:\\\/\\\/www.linkedin.com\\\/in\\\/atexeira\\\/\",\"https:\\\/\\\/x.com\\\/lexandret\"]}]}<\/script>\n<!-- \/ Yoast SEO plugin. -->","yoast_head_json":{"title":"IES VIRTUAL - CONSULTORA EDUCATIVA | Investigamos","description":"Nos dedicamos a la investigaci\u00f3n educativa desde un enfoque cualitativo, cuantitativo o mixto. Dise\u00f1amos proyectos seg\u00fan las necesidades de las instituciones.","robots":{"index":"index","follow":"follow","max-snippet":"max-snippet:-1","max-image-preview":"max-image-preview:large","max-video-preview":"max-video-preview:-1"},"canonical":"https:\/\/www.iesvirtual.net\/gl\/investigamos\/","og_locale":"gl_ES","og_type":"article","og_title":"Investigamos | IES VIRTUAL - CONSULTORA EDUCATIVA","og_description":"La investigaci\u00f3n educativa implica no solamente el conocimiento de la teor\u00eda, sino que implica conocer las instituciones educativas desde su interior. Implica realzar la voz de toda la comunidad que la integra.","og_url":"https:\/\/www.iesvirtual.net\/gl\/investigamos\/","og_site_name":"IES VIRTUAL - CONSULTORA EDUCATIVA","article_modified_time":"2025-10-05T19:19:25+00:00","og_image":[{"width":420,"height":420,"url":"https:\/\/www.iesvirtual.net\/wp-content\/uploads\/2024\/08\/3-IESVITUAL-sinbg-edited.png","type":"image\/png"}],"twitter_card":"summary_large_image","twitter_site":"@lexandret","twitter_misc":{"Tempo de lectura":"6 minutos"},"schema":{"@context":"https:\/\/schema.org","@graph":[{"@type":"WebPage","@id":"https:\/\/www.iesvirtual.net\/investigamos\/","url":"https:\/\/www.iesvirtual.net\/investigamos\/","name":"IES VIRTUAL - CONSULTORA EDUCATIVA | Investigamos","isPartOf":{"@id":"https:\/\/www.iesvirtual.net\/#website"},"primaryImageOfPage":{"@id":"https:\/\/www.iesvirtual.net\/investigamos\/#primaryimage"},"image":{"@id":"https:\/\/www.iesvirtual.net\/investigamos\/#primaryimage"},"thumbnailUrl":"https:\/\/www.iesvirtual.net\/wp-content\/uploads\/2024\/08\/75392754_3756623027696896_56760415178194944_n-1024x768.jpg","datePublished":"2024-08-06T18:24:47+00:00","dateModified":"2025-10-05T19:19:25+00:00","description":"Nos dedicamos a la investigaci\u00f3n educativa desde un enfoque cualitativo, cuantitativo o mixto. Dise\u00f1amos proyectos seg\u00fan las necesidades de las instituciones.","breadcrumb":{"@id":"https:\/\/www.iesvirtual.net\/investigamos\/#breadcrumb"},"inLanguage":"gl-ES","potentialAction":[{"@type":"ReadAction","target":["https:\/\/www.iesvirtual.net\/investigamos\/"]}]},{"@type":"ImageObject","inLanguage":"gl-ES","@id":"https:\/\/www.iesvirtual.net\/investigamos\/#primaryimage","url":"https:\/\/www.iesvirtual.net\/wp-content\/uploads\/2024\/08\/75392754_3756623027696896_56760415178194944_n-1024x768.jpg","contentUrl":"https:\/\/www.iesvirtual.net\/wp-content\/uploads\/2024\/08\/75392754_3756623027696896_56760415178194944_n-1024x768.jpg"},{"@type":"BreadcrumbList","@id":"https:\/\/www.iesvirtual.net\/investigamos\/#breadcrumb","itemListElement":[{"@type":"ListItem","position":1,"name":"Portada","item":"https:\/\/www.iesvirtual.net\/"},{"@type":"ListItem","position":2,"name":"Investigamos"}]},{"@type":"WebSite","@id":"https:\/\/www.iesvirtual.net\/#website","url":"https:\/\/www.iesvirtual.net\/","name":"IES VIRTUAL - CONSULTORA EDUCATIVA","description":"Lic. Alexandre Texeira Bondelas, MEd.","publisher":{"@id":"https:\/\/www.iesvirtual.net\/#\/schema\/person\/30a390f59aff79705956fe5f713df4de"},"alternateName":"IESVIRTUAL","potentialAction":[{"@type":"SearchAction","target":{"@type":"EntryPoint","urlTemplate":"https:\/\/www.iesvirtual.net\/?s={search_term_string}"},"query-input":{"@type":"PropertyValueSpecification","valueRequired":true,"valueName":"search_term_string"}}],"inLanguage":"gl-ES"},{"@type":["Person","Organization"],"@id":"https:\/\/www.iesvirtual.net\/#\/schema\/person\/30a390f59aff79705956fe5f713df4de","name":"Alexandre Texeira Bondelas","image":{"@type":"ImageObject","inLanguage":"gl-ES","@id":"https:\/\/www.iesvirtual.net\/wp-content\/uploads\/2024\/08\/3-IESVITUAL-sinbg.png","url":"https:\/\/www.iesvirtual.net\/wp-content\/uploads\/2024\/08\/3-IESVITUAL-sinbg.png","contentUrl":"https:\/\/www.iesvirtual.net\/wp-content\/uploads\/2024\/08\/3-IESVITUAL-sinbg.png","width":500,"height":500,"caption":"Alexandre Texeira Bondelas"},"logo":{"@id":"https:\/\/www.iesvirtual.net\/wp-content\/uploads\/2024\/08\/3-IESVITUAL-sinbg.png"},"description":"Es licenciado en educaci\u00f3n por la Universidad de la Rep\u00fablica (Uruguay), Candidato a M\u00e1ster Universitario en Investigaci\u00f3n Educativa por la Universidad Internacional de Valencia(Espa\u00f1a).","sameAs":["https:\/\/www.linkedin.com\/in\/atexeira\/","https:\/\/x.com\/lexandret"]}]}},"_links":{"self":[{"href":"https:\/\/www.iesvirtual.net\/gl\/wp-json\/wp\/v2\/pages\/66","targetHints":{"allow":["GET"]}}],"collection":[{"href":"https:\/\/www.iesvirtual.net\/gl\/wp-json\/wp\/v2\/pages"}],"about":[{"href":"https:\/\/www.iesvirtual.net\/gl\/wp-json\/wp\/v2\/types\/page"}],"author":[{"embeddable":true,"href":"https:\/\/www.iesvirtual.net\/gl\/wp-json\/wp\/v2\/users\/1"}],"replies":[{"embeddable":true,"href":"https:\/\/www.iesvirtual.net\/gl\/wp-json\/wp\/v2\/comments?post=66"}],"version-history":[{"count":16,"href":"https:\/\/www.iesvirtual.net\/gl\/wp-json\/wp\/v2\/pages\/66\/revisions"}],"predecessor-version":[{"id":254,"href":"https:\/\/www.iesvirtual.net\/gl\/wp-json\/wp\/v2\/pages\/66\/revisions\/254"}],"wp:attachment":[{"href":"https:\/\/www.iesvirtual.net\/gl\/wp-json\/wp\/v2\/media?parent=66"}],"curies":[{"name":"wp","href":"https:\/\/api.w.org\/{rel}","templated":true}]}}