{"id":16,"date":"2024-08-05T20:15:13","date_gmt":"2024-08-05T20:15:13","guid":{"rendered":"https:\/\/www.iesvirtual.net\/?page_id=16"},"modified":"2025-05-16T09:19:07","modified_gmt":"2025-05-16T09:19:07","slug":"alexandre-texeira-bondelas","status":"publish","type":"page","link":"https:\/\/www.iesvirtual.net\/gl\/alexandre-texeira-bondelas\/","title":{"rendered":"Alexandre Texeira Bondelas"},"content":{"rendered":"<div style=\"height:var(--wp--preset--spacing--50)\" aria-hidden=\"true\" class=\"wp-block-spacer\"><\/div>\n\n\n\n<div class=\"wp-block-group alignwide has-global-padding is-layout-constrained wp-block-group-is-layout-constrained\">\n<h1 class=\"wp-block-heading alignwide has-xx-large-font-size translation-block\" style=\"line-height:1.2\">Son <em>Xandre<\/em>, un inquieto aprendiz. Din que un nunca deixa de aprender, verdade?<\/h1>\n\n\n\n<p>Esa inquietud es la que me ha llevado a fundar este proyecto&#8230; <\/p>\n<\/div>\n\n\n\n<div style=\"height:var(--wp--preset--spacing--50)\" aria-hidden=\"true\" class=\"wp-block-spacer\"><\/div>\n\n\n\n<h2 class=\"wp-block-heading\">Formaci\u00f3n<\/h2>\n\n\n\n<p><strong>Doutoramento en Estudos Culturais: Memoria, Identidade, Territorio e Linguaxe<\/strong>. <em>Universidade de Santiago de Compostela (USC)<\/em> y <em>Universit\u00e9 Rennes 2 <\/em>(Francia). Actualmente <strong>en curso<\/strong>. Tese: \u00abEducaci\u00f3n e lingua galega no franquismo: memoria, identidade e historias de vida\u00bb Directoras: Prof. Dra. Carme Silva Dom\u00ednguez y Prof. Dra. Monserrat Recalde Fern\u00e1ndez.<\/p>\n\n\n\n<p class=\"translation-block\"><strong>M\u00e1ster Universitario en Investigaci\u00f3n en Educaci\u00f3n<\/strong>. <em>Universidade Internacional de Valencia<\/em> (VIU). Espa\u00f1a. 60 ECTS. Egreso: setembro 2024.<\/p>\n\n\n\n<p><strong>Diploma Superior en Ciencias Sociais, menci\u00f3n xesti\u00f3n das instituci\u00f3ns educativas<\/strong>. <em>Facultad Latinoamericana de Ciencias Sociales<\/em> (FLACSO). Argentina. 285 hs. Egreso: 2019.<\/p>\n\n\n\n<p><strong>Licenciatura en Educaci\u00f3n<\/strong>. Profundizaci\u00f3n metodol\u00f3gica en Ense\u00f1anza y Aprendizaje. <em>Facultad de Humanidades y Ciencias de la Educaci\u00f3n (FHCE), Universidad de la Rep\u00fablica<\/em> (UdelaR). Uruguay. 360 Cr\u00e9ditos. Egreso: marzo 2022.<\/p>\n\n\n\n<p><strong>T\u00e9cnico Terciario en Redes y Telecomunicaciones<\/strong>. Instituto Tecnol\u00f3gico Superior, Universidad del Trabajo del Uruguay. Duraci\u00f3n 1 a\u00f1o. Egreso: 2007.<\/p>\n\n\n\n<p><strong>Bachiller en Procesamiento y Mantenimiento Inform\u00e1tico<\/strong>. <em>Escuelas Profesionales Talleres Don Bosco<\/em>. Uruguay. Duraci\u00f3n 3 a\u00f1os. Egreso: diciembre 2005.<\/p>\n\n\n\n<div style=\"height:var(--wp--preset--spacing--50)\" aria-hidden=\"true\" class=\"wp-block-spacer\"><\/div>\n\n\n\n<h2 class=\"wp-block-heading\">Experiencia<\/h2>\n\n\n\n<p><\/p>\n\n\n\n<p><strong>Director de departamento de Desarrollo y Multimedia<\/strong><\/p>\n\n\n\n<p>Trama Solutions S.L. | abril 2022 &#8211; Actualmente<\/p>\n\n\n\n<p>Gesti\u00f3n interna del departamento y liderazgo del equipo de desarrolladores. Vinculaci\u00f3n con el cliente para la definici\u00f3n y especificaci\u00f3n de requerimientos. Realizaci\u00f3n de presupuestos y facturaci\u00f3n de servicios. Administraci\u00f3n y gesti\u00f3n de servidores, dominios y plataformas. Custodia de datos sensibles de estudios m\u00e9dicos. Dise\u00f1o instruccional de cursos online y recursos formativos.<\/p>\n\n\n\n<p>Desarrollamos: Cuadernos de Recogida de Datos (eCRD) para investigaciones m\u00e9dicas, Escape Rooms digitales, Progresive Web Apps, Webs, Tivias,<br>Trabajamos con plataformas: Moodle, WordPress, LimeSurvery, osTicket, Google Workspace, Microsoft 365, Asana, GitLab, HourApp, Webmin\/Virtualmin, Videostreaming, RRSS,<\/p>\n\n\n\n<p><strong>Director de Institutos Polit\u00e9cnicos (Formaci\u00f3n Profesional)<\/strong><\/p>\n\n\n\n<p>Universidad del Trabajo del Uruguay | marzo 2017 &#8211; marzo 2022<\/p>\n\n\n\n<p>En este per\u00edodo ocup\u00e9 interinamente equipos de direcci\u00f3n en los cargos de Director o Subdirector. Estos institutos van desde ubicados en el medio rural hasta polit\u00e9cnicos con 200 funcionarios y 1200 estudiantes.<\/p>\n\n\n\n<p><strong>Ayudante del Instituto de Educaci\u00f3n, FHCE, UdelaR<\/strong><\/p>\n\n\n\n<p>Universidad de la Rep\u00fablica | sept. 2016 &#8211; marzo 2022<\/p>\n\n\n\n<p>Como docente universitario en formaci\u00f3n pude impartir docencia en diversos cursos de grado y posgrado, participar de investigaciones, colabor\u00e9 en el proceso editorial de la revista Didaskomai cono asistente del editor, entre otros. <\/p>\n\n\n\n<p><strong>Encargado de Gesti\u00f3n de Base de Datos y Desarrollo<\/strong><\/p>\n\n\n\n<p>Casa Tr3s Contact Center | febrero 2012 &#8211; marzo 2013<\/p>\n\n\n\n<p>Agente del Departamento TI \/ Sistemas &#8211; Agente del departamento de Operaciones -Mannager de Procesos, Proyecto y Trabajo Operativo<\/p>\n\n\n\n<p><strong>Profesor de t\u00e9cnicas inform\u00e1ticas para Formaci\u00f3n Profesional<\/strong><\/p>\n\n\n\n<p>Universidad del Trabajo del Uruguay | marzo 2009 &#8211; marzo 2022<\/p>\n\n\n\n<p>Asignaturas impartidas: Programaci\u00f3n (C, Java, HTML + PHP, VB.Net), BBDD (Informix, MySQL), Gesti\u00f3n de Proyectos, An\u00e1lisis y Dise\u00f1o de Aplicaciones (Ingenier\u00eda de software), Matem\u00e1ticas discretas y L\u00f3gica para computaci\u00f3n. Asistente de Laboratorio; mantenimiento de equipos y red, instalaci\u00f3n de software y preparaci\u00f3n de pr\u00e1cticas. A partir del 2011 plaza ganada por oposici\u00f3n y m\u00e9ritos <\/p>\n\n\n\n<p><strong>Teleoperador<\/strong><\/p>\n\n\n\n<p>Eurocen (Movistar Espa\u00f1a) A Coru\u00f1a | abril 2008 &#8211; febrero 2009<\/p>\n\n\n\n<p>Teleoperador de atenci\u00f3n al cliente &#8211; Teleoperador de servicios tecnol\u00f3gicos &#8211; Atenci\u00f3n de canales digitales &#8211; Coordinador de servicio (Suplencias)<\/p>\n\n\n\n<p><strong>Profesor de t\u00e9cnicas inform\u00e1ticas para Formaci\u00f3n Profesional<\/strong><\/p>\n\n\n\n<p>Universidad del Trabajo del Uruguay | junio 2006 &#8211; febrero 2008<\/p>\n\n\n\n<p>Asignaturas impartidas: operador PC, ofim\u00e1tica, gesti\u00f3n de proyectos inform\u00e1ticos, programaci\u00f3n III (VB 6.0), Programaci\u00f3n I (C), Taller de mantenimiento (Reparaci\u00f3n PC y Redes). Asistente de laboratorio.<\/p>\n\n\n\n<p><\/p>\n\n\n\n<h2 class=\"wp-block-heading\">En acci\u00f3n:<\/h2>\n\n\n\n<p><\/p>\n\n\n\n<figure class=\"wp-block-gallery has-nested-images columns-default is-cropped wp-block-gallery-1 is-layout-flex wp-block-gallery-is-layout-flex\">\n<figure class=\"wp-block-image size-large\"><img loading=\"lazy\" decoding=\"async\" width=\"828\" height=\"828\" data-id=\"37\" src=\"https:\/\/www.iesvirtual.net\/wp-content\/uploads\/2024\/08\/proyectos-institucionales.jpg\" alt=\"\" class=\"wp-image-37\" srcset=\"https:\/\/www.iesvirtual.net\/wp-content\/uploads\/2024\/08\/proyectos-institucionales.jpg 828w, https:\/\/www.iesvirtual.net\/wp-content\/uploads\/2024\/08\/proyectos-institucionales-300x300.jpg 300w, https:\/\/www.iesvirtual.net\/wp-content\/uploads\/2024\/08\/proyectos-institucionales-150x150.jpg 150w, https:\/\/www.iesvirtual.net\/wp-content\/uploads\/2024\/08\/proyectos-institucionales-768x768.jpg 768w\" sizes=\"auto, (max-width: 828px) 100vw, 828px\" \/><figcaption class=\"wp-element-caption\">Ponencia <\/figcaption><\/figure>\n\n\n\n<figure class=\"wp-block-image alignleft size-large\"><img loading=\"lazy\" decoding=\"async\" width=\"960\" height=\"540\" data-id=\"36\" src=\"https:\/\/www.iesvirtual.net\/wp-content\/uploads\/2024\/08\/UNA-.jpg\" alt=\"\" class=\"wp-image-36\" srcset=\"https:\/\/www.iesvirtual.net\/wp-content\/uploads\/2024\/08\/UNA-.jpg 960w, https:\/\/www.iesvirtual.net\/wp-content\/uploads\/2024\/08\/UNA--300x169.jpg 300w, https:\/\/www.iesvirtual.net\/wp-content\/uploads\/2024\/08\/UNA--768x432.jpg 768w\" sizes=\"auto, (max-width: 960px) 100vw, 960px\" \/><figcaption class=\"wp-element-caption\">Conferencia en Paraguay<\/figcaption><\/figure>\n\n\n\n<figure class=\"wp-block-image size-large\"><img loading=\"lazy\" decoding=\"async\" width=\"1024\" height=\"1024\" data-id=\"39\" src=\"https:\/\/www.iesvirtual.net\/wp-content\/uploads\/2024\/08\/2019-Ponencia-1024x1024.jpg\" alt=\"\" class=\"wp-image-39\" srcset=\"https:\/\/www.iesvirtual.net\/wp-content\/uploads\/2024\/08\/2019-Ponencia-1024x1024.jpg 1024w, https:\/\/www.iesvirtual.net\/wp-content\/uploads\/2024\/08\/2019-Ponencia-300x300.jpg 300w, https:\/\/www.iesvirtual.net\/wp-content\/uploads\/2024\/08\/2019-Ponencia-150x150.jpg 150w, https:\/\/www.iesvirtual.net\/wp-content\/uploads\/2024\/08\/2019-Ponencia-768x768.jpg 768w, https:\/\/www.iesvirtual.net\/wp-content\/uploads\/2024\/08\/2019-Ponencia.jpg 1440w\" sizes=\"auto, (max-width: 1024px) 100vw, 1024px\" \/><figcaption class=\"wp-element-caption\">Coordinaci\u00f3n de Ponencias<\/figcaption><\/figure>\n\n\n\n<figure class=\"wp-block-image alignleft size-full\"><img loading=\"lazy\" decoding=\"async\" width=\"1128\" height=\"1128\" data-id=\"38\" src=\"https:\/\/www.iesvirtual.net\/wp-content\/uploads\/2024\/08\/Defensa-Tesina.jpg\" alt=\"\" class=\"wp-image-38\" srcset=\"https:\/\/www.iesvirtual.net\/wp-content\/uploads\/2024\/08\/Defensa-Tesina.jpg 1128w, https:\/\/www.iesvirtual.net\/wp-content\/uploads\/2024\/08\/Defensa-Tesina-300x300.jpg 300w, https:\/\/www.iesvirtual.net\/wp-content\/uploads\/2024\/08\/Defensa-Tesina-1024x1024.jpg 1024w, https:\/\/www.iesvirtual.net\/wp-content\/uploads\/2024\/08\/Defensa-Tesina-150x150.jpg 150w, https:\/\/www.iesvirtual.net\/wp-content\/uploads\/2024\/08\/Defensa-Tesina-768x768.jpg 768w\" sizes=\"auto, (max-width: 1128px) 100vw, 1128px\" \/><figcaption class=\"wp-element-caption\">Defensa de Tesina (Licenciatura en Educaci\u00f3n)<\/figcaption><\/figure>\n<\/figure>\n\n\n\n<figure class=\"wp-block-embed is-type-video is-provider-youtube wp-block-embed-youtube wp-embed-aspect-16-9 wp-has-aspect-ratio\"><div class=\"wp-block-embed__wrapper\">\n<iframe loading=\"lazy\" title=\"Radio del Oeste 70 A\u00f1os entrevista Alexandre Texeira\" width=\"500\" height=\"281\" src=\"https:\/\/www.youtube.com\/embed\/dnH_vjL-GrE?feature=oembed\" frameborder=\"0\" allow=\"accelerometer; autoplay; clipboard-write; encrypted-media; gyroscope; picture-in-picture; web-share\" referrerpolicy=\"strict-origin-when-cross-origin\" allowfullscreen><\/iframe>\n<\/div><figcaption class=\"wp-element-caption\">Entrevista en la Radio del Oeste (a\u00f1o 2017) sobre la gesti\u00f3n de la Escuela T\u00e9cnica \u00abDavid Hugo Rorher\u00bb de la ciudad de Ecilda Paullier, San Jos\u00e9, Uruguay.<\/figcaption><\/figure>\n\n\n\n<figure class=\"wp-block-embed is-type-video is-provider-youtube wp-block-embed-youtube wp-embed-aspect-16-9 wp-has-aspect-ratio\"><div class=\"wp-block-embed__wrapper\">\n<iframe loading=\"lazy\" title=\"#2 Experiencias educativas  #Ense\u00f1anzaEnLinea en Udelar | FHUCE\" width=\"500\" height=\"281\" src=\"https:\/\/www.youtube.com\/embed\/vHVIHvbPwqk?feature=oembed\" frameborder=\"0\" allow=\"accelerometer; autoplay; clipboard-write; encrypted-media; gyroscope; picture-in-picture; web-share\" referrerpolicy=\"strict-origin-when-cross-origin\" allowfullscreen><\/iframe>\n<\/div><figcaption class=\"wp-element-caption\">Experiencia presentada ante llamado en la comisi\u00f3n sectorial de ense\u00f1anza. <br>TEXEIRA, Alexandre. (2020). Experiencias de ense\u00f1anza en L\u00ednea, convocatoria de la CSE <em>\u00ab#02 Experiencias educativas #Ense\u00f1anzaEnLinea en Udelar | FHUCE<\/em>\u00bb Producto audiovisual recuperable de <a href=\"https:\/\/www.cse.udelar.edu.uy\/recursos\/video-experiencia\/2-experiencias-educativas-ensenanzaenlinea-en-udelar-fhuce\/\">https:\/\/www.cse.udelar.edu.uy\/recursos\/video-experiencia\/2-experiencias-educativas-ensenanzaenlinea-en-udelar-fhuce\/<\/a><\/figcaption><\/figure>","protected":false},"excerpt":{"rendered":"<p>Soy Xandre, un inquieto aprendiz. Dicen que uno nuca deja de aprender, \u00bfverdad? Esa inquietud es la que me ha llevado a fundar este proyecto&#8230; Formaci\u00f3n Doctorado en Estudios Culturales: Memoria, Identidad, Territorio y Lenguaje. Universidad de Santiago de Compostela (USC) y Universit\u00e9 Rennes 2 (Francia). Actualmente en curso. Tesis: \u00abEducaci\u00f3n y lengua gallega en [&hellip;]<\/p>\n","protected":false},"author":1,"featured_media":13,"parent":0,"menu_order":0,"comment_status":"closed","ping_status":"closed","template":"","meta":{"footnotes":""},"class_list":["post-16","page","type-page","status-publish","has-post-thumbnail","hentry"],"yoast_head":"<!-- This site is optimized with the Yoast SEO plugin v27.3 - https:\/\/yoast.com\/product\/yoast-seo-wordpress\/ -->\n<title>IES VIRTUAL - CONSULTORA EDUCATIVA | Alexandre Texeira Bondelas<\/title>\n<meta name=\"description\" content=\"El Lcdo. Alexandre Texeira Bondelas es investigador en el campo de la educaci\u00f3n. Investiga en tem\u00e1ticas sobre investigaci\u00f3n educativa, escritura acad\u00e9mica, inclusi\u00f3n educativa y gesti\u00f3n educativa.\" \/>\n<meta name=\"robots\" content=\"index, follow, max-snippet:-1, max-image-preview:large, max-video-preview:-1\" \/>\n<link rel=\"canonical\" href=\"https:\/\/www.iesvirtual.net\/gl\/alexandre-texeira-bondelas\/\" \/>\n<meta property=\"og:locale\" content=\"gl_ES\" \/>\n<meta property=\"og:type\" content=\"article\" \/>\n<meta property=\"og:title\" content=\"IES VIRTUAL - CONSULTORA EDUCATIVA | Alexandre Texeira Bondelas\" \/>\n<meta property=\"og:description\" content=\"El Lcdo. Alexandre Texeira Bondelas es investigador en el campo de la educaci\u00f3n. Investiga en tem\u00e1ticas sobre investigaci\u00f3n educativa, escritura acad\u00e9mica, inclusi\u00f3n educativa y gesti\u00f3n educativa.\" \/>\n<meta property=\"og:url\" content=\"https:\/\/www.iesvirtual.net\/gl\/alexandre-texeira-bondelas\/\" \/>\n<meta property=\"og:site_name\" content=\"IES VIRTUAL - CONSULTORA EDUCATIVA\" \/>\n<meta property=\"article:modified_time\" content=\"2025-05-16T09:19:07+00:00\" \/>\n<meta property=\"og:image\" content=\"https:\/\/www.iesvirtual.net\/wp-content\/uploads\/2024\/08\/alexandre_2.jpg\" \/>\n\t<meta property=\"og:image:width\" content=\"2545\" \/>\n\t<meta property=\"og:image:height\" content=\"2503\" \/>\n\t<meta property=\"og:image:type\" content=\"image\/jpeg\" \/>\n<meta name=\"twitter:card\" content=\"summary_large_image\" \/>\n<meta name=\"twitter:site\" content=\"@lexandret\" \/>\n<meta name=\"twitter:label1\" content=\"Tempo de lectura\" \/>\n\t<meta name=\"twitter:data1\" content=\"4 minutos\" \/>\n<script type=\"application\/ld+json\" class=\"yoast-schema-graph\">{\"@context\":\"https:\\\/\\\/schema.org\",\"@graph\":[{\"@type\":\"WebPage\",\"@id\":\"https:\\\/\\\/www.iesvirtual.net\\\/alexandre-texeira-bondelas\\\/\",\"url\":\"https:\\\/\\\/www.iesvirtual.net\\\/alexandre-texeira-bondelas\\\/\",\"name\":\"IES VIRTUAL - CONSULTORA EDUCATIVA | Alexandre Texeira Bondelas\",\"isPartOf\":{\"@id\":\"https:\\\/\\\/www.iesvirtual.net\\\/#website\"},\"primaryImageOfPage\":{\"@id\":\"https:\\\/\\\/www.iesvirtual.net\\\/alexandre-texeira-bondelas\\\/#primaryimage\"},\"image\":{\"@id\":\"https:\\\/\\\/www.iesvirtual.net\\\/alexandre-texeira-bondelas\\\/#primaryimage\"},\"thumbnailUrl\":\"https:\\\/\\\/www.iesvirtual.net\\\/wp-content\\\/uploads\\\/2024\\\/08\\\/alexandre_2.jpg\",\"datePublished\":\"2024-08-05T20:15:13+00:00\",\"dateModified\":\"2025-05-16T09:19:07+00:00\",\"description\":\"El Lcdo. Alexandre Texeira Bondelas es investigador en el campo de la educaci\u00f3n. Investiga en tem\u00e1ticas sobre investigaci\u00f3n educativa, escritura acad\u00e9mica, inclusi\u00f3n educativa y gesti\u00f3n educativa.\",\"breadcrumb\":{\"@id\":\"https:\\\/\\\/www.iesvirtual.net\\\/alexandre-texeira-bondelas\\\/#breadcrumb\"},\"inLanguage\":\"gl-ES\",\"potentialAction\":[{\"@type\":\"ReadAction\",\"target\":[\"https:\\\/\\\/www.iesvirtual.net\\\/alexandre-texeira-bondelas\\\/\"]}]},{\"@type\":\"ImageObject\",\"inLanguage\":\"gl-ES\",\"@id\":\"https:\\\/\\\/www.iesvirtual.net\\\/alexandre-texeira-bondelas\\\/#primaryimage\",\"url\":\"https:\\\/\\\/www.iesvirtual.net\\\/wp-content\\\/uploads\\\/2024\\\/08\\\/alexandre_2.jpg\",\"contentUrl\":\"https:\\\/\\\/www.iesvirtual.net\\\/wp-content\\\/uploads\\\/2024\\\/08\\\/alexandre_2.jpg\",\"width\":2545,\"height\":2503,\"caption\":\"Lcdo. Alexandre Texeira Bondelas\"},{\"@type\":\"BreadcrumbList\",\"@id\":\"https:\\\/\\\/www.iesvirtual.net\\\/alexandre-texeira-bondelas\\\/#breadcrumb\",\"itemListElement\":[{\"@type\":\"ListItem\",\"position\":1,\"name\":\"Portada\",\"item\":\"https:\\\/\\\/www.iesvirtual.net\\\/\"},{\"@type\":\"ListItem\",\"position\":2,\"name\":\"Alexandre Texeira Bondelas\"}]},{\"@type\":\"WebSite\",\"@id\":\"https:\\\/\\\/www.iesvirtual.net\\\/#website\",\"url\":\"https:\\\/\\\/www.iesvirtual.net\\\/\",\"name\":\"IES VIRTUAL - CONSULTORA EDUCATIVA\",\"description\":\"Lic. Alexandre Texeira Bondelas, MEd.\",\"publisher\":{\"@id\":\"https:\\\/\\\/www.iesvirtual.net\\\/#\\\/schema\\\/person\\\/30a390f59aff79705956fe5f713df4de\"},\"alternateName\":\"IESVIRTUAL\",\"potentialAction\":[{\"@type\":\"SearchAction\",\"target\":{\"@type\":\"EntryPoint\",\"urlTemplate\":\"https:\\\/\\\/www.iesvirtual.net\\\/?s={search_term_string}\"},\"query-input\":{\"@type\":\"PropertyValueSpecification\",\"valueRequired\":true,\"valueName\":\"search_term_string\"}}],\"inLanguage\":\"gl-ES\"},{\"@type\":[\"Person\",\"Organization\"],\"@id\":\"https:\\\/\\\/www.iesvirtual.net\\\/#\\\/schema\\\/person\\\/30a390f59aff79705956fe5f713df4de\",\"name\":\"Alexandre Texeira Bondelas\",\"image\":{\"@type\":\"ImageObject\",\"inLanguage\":\"gl-ES\",\"@id\":\"https:\\\/\\\/www.iesvirtual.net\\\/wp-content\\\/uploads\\\/2024\\\/08\\\/3-IESVITUAL-sinbg.png\",\"url\":\"https:\\\/\\\/www.iesvirtual.net\\\/wp-content\\\/uploads\\\/2024\\\/08\\\/3-IESVITUAL-sinbg.png\",\"contentUrl\":\"https:\\\/\\\/www.iesvirtual.net\\\/wp-content\\\/uploads\\\/2024\\\/08\\\/3-IESVITUAL-sinbg.png\",\"width\":500,\"height\":500,\"caption\":\"Alexandre Texeira Bondelas\"},\"logo\":{\"@id\":\"https:\\\/\\\/www.iesvirtual.net\\\/wp-content\\\/uploads\\\/2024\\\/08\\\/3-IESVITUAL-sinbg.png\"},\"description\":\"Es licenciado en educaci\u00f3n por la Universidad de la Rep\u00fablica (Uruguay), Candidato a M\u00e1ster Universitario en Investigaci\u00f3n Educativa por la Universidad Internacional de Valencia(Espa\u00f1a).\",\"sameAs\":[\"https:\\\/\\\/www.linkedin.com\\\/in\\\/atexeira\\\/\",\"https:\\\/\\\/x.com\\\/lexandret\"]}]}<\/script>\n<!-- \/ Yoast SEO plugin. -->","yoast_head_json":{"title":"IES VIRTUAL - CONSULTORA EDUCATIVA | Alexandre Texeira Bondelas","description":"El Lcdo. Alexandre Texeira Bondelas es investigador en el campo de la educaci\u00f3n. Investiga en tem\u00e1ticas sobre investigaci\u00f3n educativa, escritura acad\u00e9mica, inclusi\u00f3n educativa y gesti\u00f3n educativa.","robots":{"index":"index","follow":"follow","max-snippet":"max-snippet:-1","max-image-preview":"max-image-preview:large","max-video-preview":"max-video-preview:-1"},"canonical":"https:\/\/www.iesvirtual.net\/gl\/alexandre-texeira-bondelas\/","og_locale":"gl_ES","og_type":"article","og_title":"IES VIRTUAL - CONSULTORA EDUCATIVA | Alexandre Texeira Bondelas","og_description":"El Lcdo. Alexandre Texeira Bondelas es investigador en el campo de la educaci\u00f3n. Investiga en tem\u00e1ticas sobre investigaci\u00f3n educativa, escritura acad\u00e9mica, inclusi\u00f3n educativa y gesti\u00f3n educativa.","og_url":"https:\/\/www.iesvirtual.net\/gl\/alexandre-texeira-bondelas\/","og_site_name":"IES VIRTUAL - CONSULTORA EDUCATIVA","article_modified_time":"2025-05-16T09:19:07+00:00","og_image":[{"width":2545,"height":2503,"url":"https:\/\/www.iesvirtual.net\/wp-content\/uploads\/2024\/08\/alexandre_2.jpg","type":"image\/jpeg"}],"twitter_card":"summary_large_image","twitter_site":"@lexandret","twitter_misc":{"Tempo de lectura":"4 minutos"},"schema":{"@context":"https:\/\/schema.org","@graph":[{"@type":"WebPage","@id":"https:\/\/www.iesvirtual.net\/alexandre-texeira-bondelas\/","url":"https:\/\/www.iesvirtual.net\/alexandre-texeira-bondelas\/","name":"IES VIRTUAL - CONSULTORA EDUCATIVA | Alexandre Texeira Bondelas","isPartOf":{"@id":"https:\/\/www.iesvirtual.net\/#website"},"primaryImageOfPage":{"@id":"https:\/\/www.iesvirtual.net\/alexandre-texeira-bondelas\/#primaryimage"},"image":{"@id":"https:\/\/www.iesvirtual.net\/alexandre-texeira-bondelas\/#primaryimage"},"thumbnailUrl":"https:\/\/www.iesvirtual.net\/wp-content\/uploads\/2024\/08\/alexandre_2.jpg","datePublished":"2024-08-05T20:15:13+00:00","dateModified":"2025-05-16T09:19:07+00:00","description":"El Lcdo. Alexandre Texeira Bondelas es investigador en el campo de la educaci\u00f3n. Investiga en tem\u00e1ticas sobre investigaci\u00f3n educativa, escritura acad\u00e9mica, inclusi\u00f3n educativa y gesti\u00f3n educativa.","breadcrumb":{"@id":"https:\/\/www.iesvirtual.net\/alexandre-texeira-bondelas\/#breadcrumb"},"inLanguage":"gl-ES","potentialAction":[{"@type":"ReadAction","target":["https:\/\/www.iesvirtual.net\/alexandre-texeira-bondelas\/"]}]},{"@type":"ImageObject","inLanguage":"gl-ES","@id":"https:\/\/www.iesvirtual.net\/alexandre-texeira-bondelas\/#primaryimage","url":"https:\/\/www.iesvirtual.net\/wp-content\/uploads\/2024\/08\/alexandre_2.jpg","contentUrl":"https:\/\/www.iesvirtual.net\/wp-content\/uploads\/2024\/08\/alexandre_2.jpg","width":2545,"height":2503,"caption":"Lcdo. Alexandre Texeira Bondelas"},{"@type":"BreadcrumbList","@id":"https:\/\/www.iesvirtual.net\/alexandre-texeira-bondelas\/#breadcrumb","itemListElement":[{"@type":"ListItem","position":1,"name":"Portada","item":"https:\/\/www.iesvirtual.net\/"},{"@type":"ListItem","position":2,"name":"Alexandre Texeira Bondelas"}]},{"@type":"WebSite","@id":"https:\/\/www.iesvirtual.net\/#website","url":"https:\/\/www.iesvirtual.net\/","name":"IES VIRTUAL - CONSULTORA EDUCATIVA","description":"Lic. Alexandre Texeira Bondelas, MEd.","publisher":{"@id":"https:\/\/www.iesvirtual.net\/#\/schema\/person\/30a390f59aff79705956fe5f713df4de"},"alternateName":"IESVIRTUAL","potentialAction":[{"@type":"SearchAction","target":{"@type":"EntryPoint","urlTemplate":"https:\/\/www.iesvirtual.net\/?s={search_term_string}"},"query-input":{"@type":"PropertyValueSpecification","valueRequired":true,"valueName":"search_term_string"}}],"inLanguage":"gl-ES"},{"@type":["Person","Organization"],"@id":"https:\/\/www.iesvirtual.net\/#\/schema\/person\/30a390f59aff79705956fe5f713df4de","name":"Alexandre Texeira Bondelas","image":{"@type":"ImageObject","inLanguage":"gl-ES","@id":"https:\/\/www.iesvirtual.net\/wp-content\/uploads\/2024\/08\/3-IESVITUAL-sinbg.png","url":"https:\/\/www.iesvirtual.net\/wp-content\/uploads\/2024\/08\/3-IESVITUAL-sinbg.png","contentUrl":"https:\/\/www.iesvirtual.net\/wp-content\/uploads\/2024\/08\/3-IESVITUAL-sinbg.png","width":500,"height":500,"caption":"Alexandre Texeira Bondelas"},"logo":{"@id":"https:\/\/www.iesvirtual.net\/wp-content\/uploads\/2024\/08\/3-IESVITUAL-sinbg.png"},"description":"Es licenciado en educaci\u00f3n por la Universidad de la Rep\u00fablica (Uruguay), Candidato a M\u00e1ster Universitario en Investigaci\u00f3n Educativa por la Universidad Internacional de Valencia(Espa\u00f1a).","sameAs":["https:\/\/www.linkedin.com\/in\/atexeira\/","https:\/\/x.com\/lexandret"]}]}},"_links":{"self":[{"href":"https:\/\/www.iesvirtual.net\/gl\/wp-json\/wp\/v2\/pages\/16","targetHints":{"allow":["GET"]}}],"collection":[{"href":"https:\/\/www.iesvirtual.net\/gl\/wp-json\/wp\/v2\/pages"}],"about":[{"href":"https:\/\/www.iesvirtual.net\/gl\/wp-json\/wp\/v2\/types\/page"}],"author":[{"embeddable":true,"href":"https:\/\/www.iesvirtual.net\/gl\/wp-json\/wp\/v2\/users\/1"}],"replies":[{"embeddable":true,"href":"https:\/\/www.iesvirtual.net\/gl\/wp-json\/wp\/v2\/comments?post=16"}],"version-history":[{"count":20,"href":"https:\/\/www.iesvirtual.net\/gl\/wp-json\/wp\/v2\/pages\/16\/revisions"}],"predecessor-version":[{"id":239,"href":"https:\/\/www.iesvirtual.net\/gl\/wp-json\/wp\/v2\/pages\/16\/revisions\/239"}],"wp:featuredmedia":[{"embeddable":true,"href":"https:\/\/www.iesvirtual.net\/gl\/wp-json\/wp\/v2\/media\/13"}],"wp:attachment":[{"href":"https:\/\/www.iesvirtual.net\/gl\/wp-json\/wp\/v2\/media?parent=16"}],"curies":[{"name":"wp","href":"https:\/\/api.w.org\/{rel}","templated":true}]}}